{"id":1429,"date":"2022-01-14T12:02:49","date_gmt":"2022-01-14T11:02:49","guid":{"rendered":"https:\/\/residencepdn.it\/dove-siamo\/"},"modified":"2022-01-26T18:21:11","modified_gmt":"2022-01-26T17:21:11","slug":"ou-nuos-sommes","status":"publish","type":"page","link":"https:\/\/residencepdn.it\/fr\/ou-nuos-sommes\/","title":{"rendered":"O\u00f9 nuos sommes"},"content":{"rendered":"<p>La R\u00e9sidence Pian della Nave, situ\u00e9e dans une zone r\u00e9sidentielle et tranquille se trouve \u00e0 seulement deux due arr\u00eats de m\u00e9tro par rapport \u00e0 la Gare Centrale. Particuli\u00e8rement proche du p\u00f4le universitaire de Citt\u00e0 Studi, notre r\u00e9sidence se trouve \u00e0 seulement cinq minutes \u00e0 pied des lignes de m\u00e9tro MM 1 et 2 de Piazzale Loreto.<\/p>\n<div>\u00a0<\/div>\n","protected":false},"excerpt":{"rendered":"<p>La R\u00e9sidence Pian della Nave, situ\u00e9e dans une zone r\u00e9sidentielle et tranquille se trouve \u00e0 seulement deux due arr\u00eats de m\u00e9tro par rapport \u00e0 la Gare Centrale. Particuli\u00e8rement proche du p\u00f4le universitaire de Citt\u00e0 Studi, notre r\u00e9sidence se trouve \u00e0 seulement cinq minutes \u00e0 pied des lignes de m\u00e9tro MM 1 et 2 de Piazzale [&hellip;]<\/p>\n","protected":false},"author":1,"featured_media":0,"parent":0,"menu_order":0,"comment_status":"closed","ping_status":"closed","template":"","meta":{"_acf_changed":false,"footnotes":""},"class_list":["post-1429","page","type-page","status-publish","hentry"],"acf":[],"yoast_head":"<!-- This site is optimized with the Yoast SEO plugin v26.9 - https:\/\/yoast.com\/product\/yoast-seo-wordpress\/ -->\n<title>O\u00f9 nuos sommes - Residence Pian della Nave Milan<\/title>\n<meta name=\"description\" content=\"La R\u00e9sidence Pian della Nave, situ\u00e9e dans une zone r\u00e9sidentielle et tranquille se trouve \u00e0 seulement deux due arr\u00eats de m\u00e9tro par rapport \u00e0 la Gare Centrale. Particuli\u00e8rement proche du p\u00f4le universitaire de Citt\u00e0 Studi, notre r\u00e9sidence se trouve \u00e0 seulement cinq minutes \u00e0 pied des lignes de m\u00e9tro MM 1 et 2 de Piazzale Loreto.\" \/>\n<meta name=\"robots\" content=\"index, follow, max-snippet:-1, max-image-preview:large, max-video-preview:-1\" \/>\n<link rel=\"canonical\" href=\"https:\/\/residencepdn.it\/fr\/ou-nuos-sommes\/\" \/>\n<meta property=\"og:locale\" content=\"fr_FR\" \/>\n<meta property=\"og:type\" content=\"article\" \/>\n<meta property=\"og:title\" content=\"O\u00f9 nuos sommes - Residence Pian della Nave Milan\" \/>\n<meta property=\"og:description\" content=\"La R\u00e9sidence Pian della Nave, situ\u00e9e dans une zone r\u00e9sidentielle et tranquille se trouve \u00e0 seulement deux due arr\u00eats de m\u00e9tro par rapport \u00e0 la Gare Centrale. Particuli\u00e8rement proche du p\u00f4le universitaire de Citt\u00e0 Studi, notre r\u00e9sidence se trouve \u00e0 seulement cinq minutes \u00e0 pied des lignes de m\u00e9tro MM 1 et 2 de Piazzale Loreto.\" \/>\n<meta property=\"og:url\" content=\"https:\/\/residencepdn.it\/fr\/ou-nuos-sommes\/\" \/>\n<meta property=\"og:site_name\" content=\"Residence Pian Della Nave\" \/>\n<meta property=\"article:modified_time\" content=\"2022-01-26T17:21:11+00:00\" \/>\n<meta name=\"twitter:card\" content=\"summary_large_image\" \/>\n<script type=\"application\/ld+json\" class=\"yoast-schema-graph\">{\"@context\":\"https:\/\/schema.org\",\"@graph\":[{\"@type\":\"WebPage\",\"@id\":\"https:\/\/residencepdn.it\/fr\/ou-nuos-sommes\/\",\"url\":\"https:\/\/residencepdn.it\/fr\/ou-nuos-sommes\/\",\"name\":\"O\u00f9 nuos sommes - Residence Pian della Nave Milan\",\"isPartOf\":{\"@id\":\"https:\/\/residencepdn.it\/#website\"},\"datePublished\":\"2022-01-14T11:02:49+00:00\",\"dateModified\":\"2022-01-26T17:21:11+00:00\",\"description\":\"La R\u00e9sidence Pian della Nave, situ\u00e9e dans une zone r\u00e9sidentielle et tranquille se trouve \u00e0 seulement deux due arr\u00eats de m\u00e9tro par rapport \u00e0 la Gare Centrale. Particuli\u00e8rement proche du p\u00f4le universitaire de Citt\u00e0 Studi, notre r\u00e9sidence se trouve \u00e0 seulement cinq minutes \u00e0 pied des lignes de m\u00e9tro MM 1 et 2 de Piazzale Loreto.\",\"breadcrumb\":{\"@id\":\"https:\/\/residencepdn.it\/fr\/ou-nuos-sommes\/#breadcrumb\"},\"inLanguage\":\"fr-FR\",\"potentialAction\":[{\"@type\":\"ReadAction\",\"target\":[\"https:\/\/residencepdn.it\/fr\/ou-nuos-sommes\/\"]}]},{\"@type\":\"BreadcrumbList\",\"@id\":\"https:\/\/residencepdn.it\/fr\/ou-nuos-sommes\/#breadcrumb\",\"itemListElement\":[{\"@type\":\"ListItem\",\"position\":1,\"name\":\"Home\",\"item\":\"https:\/\/residencepdn.it\/fr\/\"},{\"@type\":\"ListItem\",\"position\":2,\"name\":\"O\u00f9 nuos sommes\"}]},{\"@type\":\"WebSite\",\"@id\":\"https:\/\/residencepdn.it\/#website\",\"url\":\"https:\/\/residencepdn.it\/\",\"name\":\"Residence Pian Della Nave\",\"description\":\"Appartamenti residence Milano\",\"publisher\":{\"@id\":\"https:\/\/residencepdn.it\/#organization\"},\"potentialAction\":[{\"@type\":\"SearchAction\",\"target\":{\"@type\":\"EntryPoint\",\"urlTemplate\":\"https:\/\/residencepdn.it\/?s={search_term_string}\"},\"query-input\":{\"@type\":\"PropertyValueSpecification\",\"valueRequired\":true,\"valueName\":\"search_term_string\"}}],\"inLanguage\":\"fr-FR\"},{\"@type\":\"Organization\",\"@id\":\"https:\/\/residencepdn.it\/#organization\",\"name\":\"Pian della Nave Srl\",\"url\":\"https:\/\/residencepdn.it\/\",\"logo\":{\"@type\":\"ImageObject\",\"inLanguage\":\"fr-FR\",\"@id\":\"https:\/\/residencepdn.it\/#\/schema\/logo\/image\/\",\"url\":\"https:\/\/residencepdn.it\/wp-content\/uploads\/2022\/01\/residence-pian-della-nave-milano.png\",\"contentUrl\":\"https:\/\/residencepdn.it\/wp-content\/uploads\/2022\/01\/residence-pian-della-nave-milano.png\",\"width\":120,\"height\":101,\"caption\":\"Pian della Nave Srl\"},\"image\":{\"@id\":\"https:\/\/residencepdn.it\/#\/schema\/logo\/image\/\"}}]}<\/script>\n<!-- \/ Yoast SEO plugin. -->","yoast_head_json":{"title":"O\u00f9 nuos sommes - Residence Pian della Nave Milan","description":"La R\u00e9sidence Pian della Nave, situ\u00e9e dans une zone r\u00e9sidentielle et tranquille se trouve \u00e0 seulement deux due arr\u00eats de m\u00e9tro par rapport \u00e0 la Gare Centrale. Particuli\u00e8rement proche du p\u00f4le universitaire de Citt\u00e0 Studi, notre r\u00e9sidence se trouve \u00e0 seulement cinq minutes \u00e0 pied des lignes de m\u00e9tro MM 1 et 2 de Piazzale Loreto.","robots":{"index":"index","follow":"follow","max-snippet":"max-snippet:-1","max-image-preview":"max-image-preview:large","max-video-preview":"max-video-preview:-1"},"canonical":"https:\/\/residencepdn.it\/fr\/ou-nuos-sommes\/","og_locale":"fr_FR","og_type":"article","og_title":"O\u00f9 nuos sommes - Residence Pian della Nave Milan","og_description":"La R\u00e9sidence Pian della Nave, situ\u00e9e dans une zone r\u00e9sidentielle et tranquille se trouve \u00e0 seulement deux due arr\u00eats de m\u00e9tro par rapport \u00e0 la Gare Centrale. Particuli\u00e8rement proche du p\u00f4le universitaire de Citt\u00e0 Studi, notre r\u00e9sidence se trouve \u00e0 seulement cinq minutes \u00e0 pied des lignes de m\u00e9tro MM 1 et 2 de Piazzale Loreto.","og_url":"https:\/\/residencepdn.it\/fr\/ou-nuos-sommes\/","og_site_name":"Residence Pian Della Nave","article_modified_time":"2022-01-26T17:21:11+00:00","twitter_card":"summary_large_image","schema":{"@context":"https:\/\/schema.org","@graph":[{"@type":"WebPage","@id":"https:\/\/residencepdn.it\/fr\/ou-nuos-sommes\/","url":"https:\/\/residencepdn.it\/fr\/ou-nuos-sommes\/","name":"O\u00f9 nuos sommes - Residence Pian della Nave Milan","isPartOf":{"@id":"https:\/\/residencepdn.it\/#website"},"datePublished":"2022-01-14T11:02:49+00:00","dateModified":"2022-01-26T17:21:11+00:00","description":"La R\u00e9sidence Pian della Nave, situ\u00e9e dans une zone r\u00e9sidentielle et tranquille se trouve \u00e0 seulement deux due arr\u00eats de m\u00e9tro par rapport \u00e0 la Gare Centrale. Particuli\u00e8rement proche du p\u00f4le universitaire de Citt\u00e0 Studi, notre r\u00e9sidence se trouve \u00e0 seulement cinq minutes \u00e0 pied des lignes de m\u00e9tro MM 1 et 2 de Piazzale Loreto.","breadcrumb":{"@id":"https:\/\/residencepdn.it\/fr\/ou-nuos-sommes\/#breadcrumb"},"inLanguage":"fr-FR","potentialAction":[{"@type":"ReadAction","target":["https:\/\/residencepdn.it\/fr\/ou-nuos-sommes\/"]}]},{"@type":"BreadcrumbList","@id":"https:\/\/residencepdn.it\/fr\/ou-nuos-sommes\/#breadcrumb","itemListElement":[{"@type":"ListItem","position":1,"name":"Home","item":"https:\/\/residencepdn.it\/fr\/"},{"@type":"ListItem","position":2,"name":"O\u00f9 nuos sommes"}]},{"@type":"WebSite","@id":"https:\/\/residencepdn.it\/#website","url":"https:\/\/residencepdn.it\/","name":"Residence Pian Della Nave","description":"Appartamenti residence Milano","publisher":{"@id":"https:\/\/residencepdn.it\/#organization"},"potentialAction":[{"@type":"SearchAction","target":{"@type":"EntryPoint","urlTemplate":"https:\/\/residencepdn.it\/?s={search_term_string}"},"query-input":{"@type":"PropertyValueSpecification","valueRequired":true,"valueName":"search_term_string"}}],"inLanguage":"fr-FR"},{"@type":"Organization","@id":"https:\/\/residencepdn.it\/#organization","name":"Pian della Nave Srl","url":"https:\/\/residencepdn.it\/","logo":{"@type":"ImageObject","inLanguage":"fr-FR","@id":"https:\/\/residencepdn.it\/#\/schema\/logo\/image\/","url":"https:\/\/residencepdn.it\/wp-content\/uploads\/2022\/01\/residence-pian-della-nave-milano.png","contentUrl":"https:\/\/residencepdn.it\/wp-content\/uploads\/2022\/01\/residence-pian-della-nave-milano.png","width":120,"height":101,"caption":"Pian della Nave Srl"},"image":{"@id":"https:\/\/residencepdn.it\/#\/schema\/logo\/image\/"}}]}},"_links":{"self":[{"href":"https:\/\/residencepdn.it\/fr\/wp-json\/wp\/v2\/pages\/1429","targetHints":{"allow":["GET"]}}],"collection":[{"href":"https:\/\/residencepdn.it\/fr\/wp-json\/wp\/v2\/pages"}],"about":[{"href":"https:\/\/residencepdn.it\/fr\/wp-json\/wp\/v2\/types\/page"}],"author":[{"embeddable":true,"href":"https:\/\/residencepdn.it\/fr\/wp-json\/wp\/v2\/users\/1"}],"replies":[{"embeddable":true,"href":"https:\/\/residencepdn.it\/fr\/wp-json\/wp\/v2\/comments?post=1429"}],"version-history":[{"count":0,"href":"https:\/\/residencepdn.it\/fr\/wp-json\/wp\/v2\/pages\/1429\/revisions"}],"wp:attachment":[{"href":"https:\/\/residencepdn.it\/fr\/wp-json\/wp\/v2\/media?parent=1429"}],"curies":[{"name":"wp","href":"https:\/\/api.w.org\/{rel}","templated":true}]}}